{"id":14,"date":"2014-11-09T10:58:12","date_gmt":"2014-11-09T10:58:12","guid":{"rendered":"http:\/\/livsbalans.se\/wordpress\/?page_id=14"},"modified":"2015-11-11T18:02:34","modified_gmt":"2015-11-11T17:02:34","slug":"om-linda","status":"publish","type":"page","link":"http:\/\/livsbalans.se\/wordpress\/om-linda\/","title":{"rendered":"Om Linda"},"content":{"rendered":"<p><a href=\"http:\/\/livsbalans.se\/wordpress\/wp-content\/uploads\/2015\/05\/IMG_3654-e1431021743500.jpg\"><img loading=\"lazy\" decoding=\"async\" class=\"alignnone wp-image-281\" src=\"http:\/\/livsbalans.se\/wordpress\/wp-content\/uploads\/2015\/05\/IMG_3654-e1431021743500-216x300.jpg\" alt=\"IMG_3654\" width=\"103\" height=\"144\" srcset=\"http:\/\/livsbalans.se\/wordpress\/wp-content\/uploads\/2015\/05\/IMG_3654-e1431021743500-216x300.jpg 216w, http:\/\/livsbalans.se\/wordpress\/wp-content\/uploads\/2015\/05\/IMG_3654-e1431021743500-108x150.jpg 108w, http:\/\/livsbalans.se\/wordpress\/wp-content\/uploads\/2015\/05\/IMG_3654-e1431021743500.jpg 396w\" sizes=\"auto, (max-width: 103px) 100vw, 103px\" \/><\/a><\/p>\n<p>Jag har f\u00f6rst\u00e5tt att jag har m\u00e5nga drivkrafter i mitt liv. Min dotter, mina v\u00e4nner, alla m\u00f6ten, mina kunskaper\u2026 Men en drivkraft som jag har \u00e4r nog att jag \u00e4r en probleml\u00f6sare\u2026 Jag gillar att st\u00e4llas inf\u00f6r problem, eller r\u00e4ttare sagt &#8211; jag tycker inte illa om det. Det \u00e4r n\u00e5got som sker automatiskt hos mig. Emellan\u00e5t f\u00e5r jag h\u00f6ra \u201dVad positiv du \u00e4r! Jag f\u00e5r inspiration fr\u00e5n dig\u201d och jag har funderat en del p\u00e5 det. \u00c4r jag gladare \u00e4n andra? Svaret p\u00e5 den fr\u00e5gan \u00e4r nog min drivkraft \u2013 probleml\u00f6saren. Jag ser inte negativt p\u00e5 saker och ting, p\u00e5 det som sker. Jag ser l\u00f6sningar.<\/p>\n<p>Och jag tror det \u00e4r den h\u00e4r drivkraften som har gjort att jag s\u00f6kt mig till de utbildningar jag g\u00e5tt och att jag har jobbat med det jag gjort. Jag \u00e4lskar f\u00f6r\u00e4ndringsarbete, att f\u00e5 ta tag i problem och tillsammans med andra komma p\u00e5 b\u00e4ttre l\u00f6sningar. Att jag jobbar med massage \u00e4r ingen slump. Det \u00e4r att l\u00f6sa problem och att skapa f\u00f6r\u00e4ndring hos mina kunder. Att intuitivt f\u00e5 leta efter problem\/obalanser och sedan se resultatet ger mig stor tillfredsst\u00e4llelse. Jag blir fortfarande f\u00f6rundrad \u00f6ver de goda resultat som behandlingarna ger.<\/p>\n<p>Jag har en bred utbildning inom h\u00e4lsa. F\u00f6r 15 \u00e5r sedan utbildade jag mig till Friskv\u00e5rdspedagog och mass\u00f6r. Under \u00e5rens lopp har jag arbetat s\u00e5v\u00e4l i mitt egna f\u00f6retag och som anst\u00e4lld med massage och h\u00e4lsoutveckling.<\/p>\n<p>Jag bor och utg\u00e5r med min verksamhet fr\u00e5n L\u00e5ngasj\u00f6\u00a0i Sm\u00e5land. Kontakta mig g\u00e4rna f\u00f6r att ta reda p\u00e5 hur vi kan arbeta tillsammans!<\/p>\n<p>Linda Ursj\u00f6<\/p>\n<p>L\u00e4s mer: \u00a0<em><span style=\"text-decoration: underline;\"><a title=\"Lindas ber\u00e4ttelse\" href=\"http:\/\/livsbalans.se\/wordpress\/lindas-berattelse\/\">Lindas ber\u00e4ttelse<\/a><\/span><\/em><\/p>\n<p>Kontakt: \u00a0<a href=\"http:\/\/linda@livsbalans.se\">linda@livsbalans.se <\/a>\u00a0 \u00a0eller \u00a0 070-480 42 35<\/p>\n<p>&nbsp;<\/p>\n ","protected":false},"excerpt":{"rendered":"<p>Jag har f\u00f6rst\u00e5tt att jag har m\u00e5nga drivkrafter i mitt liv. Min dotter, mina v\u00e4nner, alla m\u00f6ten, mina kunskaper\u2026 Men en drivkraft som jag har \u00e4r nog att jag \u00e4r en probleml\u00f6sare\u2026 Jag gillar att st\u00e4llas inf\u00f6r problem, eller r\u00e4ttare sagt &#8211; jag tycker inte illa om det. Det \u00e4r \u2026 <a class=\"continue-reading-link\" href=\"http:\/\/livsbalans.se\/wordpress\/om-linda\/\">L\u00e4s mer <span class=\"meta-nav\">&rarr; <\/span><\/a><\/p>\n","protected":false},"author":1,"featured_media":56,"parent":0,"menu_order":0,"comment_status":"closed","ping_status":"closed","template":"","meta":{"jetpack_post_was_ever_published":false,"footnotes":""},"class_list":["post-14","page","type-page","status-publish","has-post-thumbnail","hentry"],"jetpack_sharing_enabled":true,"jetpack_shortlink":"https:\/\/wp.me\/P5jRyi-e","_links":{"self":[{"href":"http:\/\/livsbalans.se\/wordpress\/wp-json\/wp\/v2\/pages\/14","targetHints":{"allow":["GET"]}}],"collection":[{"href":"http:\/\/livsbalans.se\/wordpress\/wp-json\/wp\/v2\/pages"}],"about":[{"href":"http:\/\/livsbalans.se\/wordpress\/wp-json\/wp\/v2\/types\/page"}],"author":[{"embeddable":true,"href":"http:\/\/livsbalans.se\/wordpress\/wp-json\/wp\/v2\/users\/1"}],"replies":[{"embeddable":true,"href":"http:\/\/livsbalans.se\/wordpress\/wp-json\/wp\/v2\/comments?post=14"}],"version-history":[{"count":16,"href":"http:\/\/livsbalans.se\/wordpress\/wp-json\/wp\/v2\/pages\/14\/revisions"}],"predecessor-version":[{"id":417,"href":"http:\/\/livsbalans.se\/wordpress\/wp-json\/wp\/v2\/pages\/14\/revisions\/417"}],"wp:featuredmedia":[{"embeddable":true,"href":"http:\/\/livsbalans.se\/wordpress\/wp-json\/wp\/v2\/media\/56"}],"wp:attachment":[{"href":"http:\/\/livsbalans.se\/wordpress\/wp-json\/wp\/v2\/media?parent=14"}],"curies":[{"name":"wp","href":"https:\/\/api.w.org\/{rel}","templated":true}]}}