{"id":34,"date":"2014-11-09T17:02:05","date_gmt":"2014-11-09T17:02:05","guid":{"rendered":"http:\/\/livsbalans.se\/wordpress\/?page_id=34"},"modified":"2015-11-11T15:39:17","modified_gmt":"2015-11-11T14:39:17","slug":"om-livsbalans","status":"publish","type":"page","link":"http:\/\/livsbalans.se\/wordpress\/om-livsbalans\/","title":{"rendered":"Om Livsbalans"},"content":{"rendered":"<p><strong>Livsbalans &#8211; Balans i livet &#8211; Livet i balans<\/strong><br \/>\nEn del har funnit den, m\u00e5nga s\u00f6ker den, n\u00e5gra s\u00f6ker inte den \u2026<\/p>\n<p>Inte f\u00f6r lite och inte f\u00f6r mycket. Inte f\u00f6r starkt och inte f\u00f6r svagt. Inte f\u00f6r r\u00f6rligt och inte f\u00f6r or\u00f6rligt. Inte f\u00f6r snabbt och inte f\u00f6r l\u00e5ngsamt.<\/p>\n<p>Livsbalans kan vara<br \/>\n\u2022 att njuta av naturen<br \/>\n\u2022 att ha ett arbete som \u00e4r meningsfullt<br \/>\n\u2022 att erbjuda ett arbete som \u00e4r meningsfullt<br \/>\n\u2022 att v\u00e5rda sina relationer<br \/>\n\u2022 att ge kroppen ren mat<br \/>\n\u2022 att v\u00e5rda oss sj\u00e4lva med tr\u00e4ning och behandlingar<br \/>\n\u2022 att vi sover gott om natten och vaknar utvilade<br \/>\n\u2022 att vi f\u00f6rverkligar v\u00e5ra dr\u00f6mmar<br \/>\n\u2022 att vi fyller v\u00e5ra liv med fantastiska m\u00f6ten<\/p>\n<p>Livsbalans kan kort och gott vara att ha ett bra liv!<\/p>\n<p>Vi som finns h\u00e4r p\u00e5 livsbalans.se delar den h\u00e4r uppfattningen. Vi \u00e4r djupt intresserade av m\u00e4nniskan, naturen, djuren och dess relationer. Till sig sj\u00e4lv och till sin omgivning.\u00a0P\u00e5 olika s\u00e4tt hj\u00e4lper vi dig att hitta just din balans i livet. F\u00f6r det \u00e4r det som \u00e4r s\u00e5 sp\u00e4nnande. Det finns inte bara en v\u00e4g att g\u00e5, det finns m\u00e5nga. Vi anv\u00e4nder oss inte av mirakelmetoder eller \u201ddet enda r\u00e4tta\u201d.<\/p>\n<p>Prova dig fram. Det kan ju vara s\u00e5 att just det vi erbjuder \u00e4r just det du s\u00f6ker.<\/p>\n<p>Framg\u00e5ngsrikt arbetar vi individuellt, i grupper och ut mot arbetsplatser och organisationer.L\u00e5ter det intressant? V\u00e4lkommen att h\u00f6ra av dig!<\/p>\n<p>Linda och Maria \u00a0 \u00a0<img loading=\"lazy\" decoding=\"async\" class=\"alignnone size-full wp-image-36\" src=\"http:\/\/livsbalans.se\/wordpress\/wp-content\/uploads\/2014\/11\/hj\u00e4rtan.gif\" alt=\"hj\u00e4rtan\" width=\"32\" height=\"33\" \/><\/p>\n<p>&nbsp;<\/p>\n ","protected":false},"excerpt":{"rendered":"<p>Livsbalans &#8211; Balans i livet &#8211; Livet i balans En del har funnit den, m\u00e5nga s\u00f6ker den, n\u00e5gra s\u00f6ker inte den \u2026 Inte f\u00f6r lite och inte f\u00f6r mycket. Inte f\u00f6r starkt och inte f\u00f6r svagt. Inte f\u00f6r r\u00f6rligt och inte f\u00f6r or\u00f6rligt. Inte f\u00f6r snabbt och inte f\u00f6r l\u00e5ngsamt. \u2026 <a class=\"continue-reading-link\" href=\"http:\/\/livsbalans.se\/wordpress\/om-livsbalans\/\">L\u00e4s mer <span class=\"meta-nav\">&rarr; <\/span><\/a><\/p>\n","protected":false},"author":1,"featured_media":33,"parent":0,"menu_order":0,"comment_status":"closed","ping_status":"closed","template":"","meta":{"jetpack_post_was_ever_published":false,"footnotes":""},"class_list":["post-34","page","type-page","status-publish","has-post-thumbnail","hentry"],"jetpack_sharing_enabled":true,"jetpack_shortlink":"https:\/\/wp.me\/P5jRyi-y","_links":{"self":[{"href":"http:\/\/livsbalans.se\/wordpress\/wp-json\/wp\/v2\/pages\/34","targetHints":{"allow":["GET"]}}],"collection":[{"href":"http:\/\/livsbalans.se\/wordpress\/wp-json\/wp\/v2\/pages"}],"about":[{"href":"http:\/\/livsbalans.se\/wordpress\/wp-json\/wp\/v2\/types\/page"}],"author":[{"embeddable":true,"href":"http:\/\/livsbalans.se\/wordpress\/wp-json\/wp\/v2\/users\/1"}],"replies":[{"embeddable":true,"href":"http:\/\/livsbalans.se\/wordpress\/wp-json\/wp\/v2\/comments?post=34"}],"version-history":[{"count":29,"href":"http:\/\/livsbalans.se\/wordpress\/wp-json\/wp\/v2\/pages\/34\/revisions"}],"predecessor-version":[{"id":410,"href":"http:\/\/livsbalans.se\/wordpress\/wp-json\/wp\/v2\/pages\/34\/revisions\/410"}],"wp:featuredmedia":[{"embeddable":true,"href":"http:\/\/livsbalans.se\/wordpress\/wp-json\/wp\/v2\/media\/33"}],"wp:attachment":[{"href":"http:\/\/livsbalans.se\/wordpress\/wp-json\/wp\/v2\/media?parent=34"}],"curies":[{"name":"wp","href":"https:\/\/api.w.org\/{rel}","templated":true}]}}