{"id":79,"date":"2015-03-07T17:36:31","date_gmt":"2015-03-07T17:36:31","guid":{"rendered":"http:\/\/livsbalans.se\/wordpress\/?page_id=79"},"modified":"2015-11-11T21:47:12","modified_gmt":"2015-11-11T20:47:12","slug":"lindas-berattelse","status":"publish","type":"page","link":"http:\/\/livsbalans.se\/wordpress\/lindas-berattelse\/","title":{"rendered":"Lindas ber\u00e4ttelse"},"content":{"rendered":"<p><strong>Lindas ber\u00e4ttelse<\/strong><\/p>\n<p><a href=\"http:\/\/livsbalans.se\/wordpress\/wp-content\/uploads\/2014\/11\/hj\u00e4rtan.gif\"><img loading=\"lazy\" decoding=\"async\" class=\"alignnone size-full wp-image-36\" src=\"http:\/\/livsbalans.se\/wordpress\/wp-content\/uploads\/2014\/11\/hj\u00e4rtan.gif\" alt=\"hj\u00e4rtan\" width=\"32\" height=\"33\" \/><\/a>Dagen f\u00f6re min 30-\u00e5rs dag lovade jag mig sj\u00e4lv att f\u00f6lja mitt hj\u00e4rta. Jag stod i en butik i G\u00e4vle, det var p\u00e5 den tiden jag studerade till Friskv\u00e5rdspedagog. Jag hade f\u00e5tt ett litet sten-hj\u00e4rta i min hand, det kostade 19:-. I den stunden lovade jag mig sj\u00e4lv att f\u00f6lja mitt hj\u00e4rta\u2026 Dagen efter firade vi min f\u00f6delsedag som studenters f\u00f6delsedagar b\u00f6r firas. Vi var m\u00e5nga som satt framf\u00f6r \u00f6ppna brasan i v\u00e5r l\u00e4genhet, \u00e5t t\u00e5rta, festade och jag fick f\u00f6rm\u00e5nen att \u00f6ppna presenter\u2026 Ju fler paket jag \u00f6ppnade desto mer f\u00f6rundrad blev jag. Det var hj\u00e4rtan p\u00e5 allt jag fick! Boken F\u00f6lj dit hj\u00e4rtat leder dig, en tv\u00e5l som var hj\u00e4rtformad, koppar med hj\u00e4rtan p\u00e5. Med f\u00f6rundran ber\u00e4ttade jag f\u00f6r de andra om mitt m\u00f6te med det lilla sten-hj\u00e4rtat i butiken\u2026 Det blev tyst och till slut h\u00f6r jag n\u00e5gon s\u00e4ga \u201d<em>Linda, du \u00e4r p\u00e5 r\u00e4tt v\u00e4g<\/em>\u201d.<\/p>\n<p><a href=\"http:\/\/livsbalans.se\/wordpress\/wp-content\/uploads\/2014\/11\/hj\u00e4rtan.gif\"><img loading=\"lazy\" decoding=\"async\" class=\"alignnone size-full wp-image-36\" src=\"http:\/\/livsbalans.se\/wordpress\/wp-content\/uploads\/2014\/11\/hj\u00e4rtan.gif\" alt=\"hj\u00e4rtan\" width=\"32\" height=\"33\" \/><\/a>\u00a0Att studera p\u00e5 h\u00f6gskola var fantastiskt. Kommer s\u00e5 v\u00e4l ih\u00e5g att vi blev itutade att hela tiden ifr\u00e5gas\u00e4tta allt det vi l\u00e4ste och allt det vi fick h\u00f6ra p\u00e5 f\u00f6rel\u00e4sningar med mera\u2026 Det var s\u00e5 nytt f\u00f6r mig! Att inte bara r\u00e5plugga in fakta utan faktiskt ifr\u00e5gas\u00e4tta och fundera \u00f6ver vad som var vad. Jag gillade verkligen det h\u00e4r s\u00e4ttet att studera. Det var s\u00e5 sp\u00e4nnande att se vad kunskapen gjorde med mig sj\u00e4lv men ocks\u00e5 vad kunskapen gjorde i gruppen. Att vi kunde ha olika \u00e5sikter och att det var helt ok! Woaw, det var som ett uppvaknande f\u00f6r mig. Utbildningen var baserad p\u00e5 pedagogik och beteendevetenskap.\u00a0 Den f\u00f6rsta uppsatsen skulle skrivas och jag var full av iver att skriva n\u00e5got som jag kunde f\u00f6rdjupa mig i. Under n\u00e5gra temadagar med polismyndigheten och brottsofferjouren hittade jag mitt \u00e4mne. Det ber\u00f6rde mig djupt att se bilder p\u00e5 misshandlade kvinnor. Den bild som fortfarande sitter fast i mitt minne var bilden av en kvinnas rygg och ett tydligt br\u00e4nnm\u00e4rke av ett strykj\u00e4rn. Denna kvinna hade sagt att hon hade trillat och f\u00e5tt strykj\u00e4rnet \u00f6ver sig. Jag f\u00f6rstod att det h\u00e4r kommer jag kanske att m\u00f6ta, kvinnor som d\u00f6ljer den misshandel de uts\u00e4tts f\u00f6r. Min uppsats fick titeln \u201dAtt m\u00f6ta misshandlade kvinnor\u201d. Uppsatsen \u2013 min lilla forskning, liksom uppsats nr 2 \u201dUtbr\u00e4ndhet\u201d fick jag stipendier f\u00f6r\u2026 Grunden i motiveringen var f\u00f6r b\u00e5da uppsatserna, att jag valt ett aktuellt \u00e4mne och belyst det p\u00e5 ett nytt s\u00e4tt.<\/p>\n<p>Efter studierna och utbildning till mass\u00f6r startade jag mitt f\u00f6retag, Livsbalans 2000. Jag jobbade ett halv\u00e5r ungef\u00e4r och fick sedan uppdrag fr\u00e5n Korpen Sm\u00e5land att jobba med \u201dS\u00e4tt F\u00f6retagen i R\u00f6relse\u201d, vilket var ett delprojekt i Folkh\u00e4lsoinstitutets stora satsning \u201dS\u00e4tt Sverige i r\u00f6relse 2001\u201d. Det gick v\u00e4ldigt bra f\u00f6r oss i Sm\u00e5land. Jag jobbade som samordnare och vi var som flest 9 Coacher som arbetade runt om i l\u00e4nen. 2001 uts\u00e5gs Sveriges Friskaste f\u00f6retag, f\u00f6r f\u00f6rsta g\u00e5ngen, och det blev Plast AB Orion i Anderstorp som vann. Ett av de f\u00f6retagen som jag Coachade.<\/p>\n<p>Jag arbetade sedan n\u00e5gra \u00e5r med strategisk h\u00e4lsoutveckling av arbetsplatser, dels genom Korpen Sm\u00e5land med sedan ocks\u00e5 i mitt egna f\u00f6retag. Under den tiden fick jag stor insyn och erfarenhet av organisationers olika arbeten med h\u00e4lsa f\u00f6r de anst\u00e4llda.<\/p>\n<p>En av de somrar som f\u00f6ljde var mycket avg\u00f6rande f\u00f6r mig. Jag k\u00e4nde att det var dags f\u00f6r lite semester och t\u00e4nkte unna mig tv\u00e5 hela veckor p\u00e5 familjens fantastiska lantst\u00e4lle. Jag \u00e5kte dit och k\u00e4nde mig verkligen priviligierad. T\u00e4nk att vara d\u00e4r i tv\u00e5 hela veckor. Senast det h\u00e4nde var nog p\u00e5 grundskolans sommarlov\u2026 Jag stannade i fem veckor! Ville inte ens \u00e5ka till byn f\u00f6r att handla mat. Grannarna hj\u00e4lpte mig med det. Det var s\u00e5 sk\u00f6nt att landa, att bara vara\u2026 Att vandra i skogen, att simma i sj\u00f6n och uppleva vilan\u2026 Jag l\u00e4ste en hel del b\u00f6cker och det som innebar en v\u00e4ndning f\u00f6r mig var Inga-Lill Valfridssons bok \u201dMod att m\u00f6ta f\u00f6r\u00e4ndringar\u201d. Jag tog den till mitt hj\u00e4rta och \u00e4lskade vartenda ord. Hon skrev bland annat om Frig\u00f6rande Andning. N\u00e5gra m\u00e5nader senare befann jag mig p\u00e5 V\u00e4dd\u00f6 och W\u00e4xthusets kurs K\u00e4rlekens mirakler. D\u00e4r best\u00e4mde jag mig f\u00f6r att g\u00e5 hela utbildningen till Andningspedagog som varade under ett och ett halvt \u00e5r, fem dagar varje m\u00e5nad\u2026 Beslutet handlade inte om att jag skulle l\u00e4gga ytterligare en utbildning p\u00e5 min lista \u00f6ver t\u00e4nkbara jobb, som jag gjort med tidigare utbildningar. Jag gjorde det helt f\u00f6r min egen skull\u2026 En fantastisk k\u00e4nsla och en helt makal\u00f6s utbildning i min alldeles egna personliga utveckling. Kommer kanske n\u00e5gon g\u00e5ng att skriva en bok om den h\u00e4r tiden\u2026<\/p>\n<p>Min nyfikenhet och mitt stora intresse f\u00f6r m\u00e4nniskor\/organisationer tog mig sedan till Dalsland. Jag fick m\u00f6jlighet att vara med i uppbyggandet av ett fritidsomr\u00e5de med hotell, spa och vandrarhem. Det var givande \u00e5r. N\u00e4r jag b\u00f6rjade var vi runt 6 personer d\u00e4r, det var rena Fawlty Towers &#8211; samma person som tog emot i receptionen, som sedan gav behandling och slutligen sedan serverade till middagen. H\u00e4rliga minnen! N\u00e4r jag efter n\u00e5gra \u00e5r slutade s\u00e5 var vi \u00f6ver 30 anst\u00e4llda.<\/p>\n<p>Efter n\u00e5gra \u00e5r med bildande av familj och annat s\u00e5 var jag tillbaka till Korpen i Sm\u00e5land igen. Jag kunde d\u00e5 fokusera p\u00e5 de olika f\u00f6reningarnas utveckling men ocks\u00e5 en del h\u00e4lsouppdrag p\u00e5 arbetsplaster och kommuner.<\/p>\n<p>I byn d\u00e4r jag d\u00e5 bodde engagerade jag mig i en nystartad ekonomisk f\u00f6rening. Det resulterade i att jag n\u00e5gra \u00e5r senare blev anst\u00e4lld som ansvarig f\u00f6r lanthandeln i byn. Det var otroligt att vi lyckades dra ig\u00e5ng det hela! Allt fr\u00e5n f\u00f6rsta best\u00e4llningen av varor, nervositeten om best\u00e4llningen var f\u00f6r stor eller f\u00f6r liten, s\u00e5 kunde vi med gemensamma krafter och m\u00e5ngas ideella insatser \u00f6ppna aff\u00e4ren. Trots, eller kanske tack vare, l\u00e5nga k\u00f6er till en b\u00f6rjan s\u00e5 tror jag nog att vi lyckades riktigt bra. Vi blev utsedda till l\u00e4nets Kooperativ det \u00e5ret!<\/p>\n<p>Och nu \u00e4r jag h\u00e4r, i L\u00e5ngasj\u00f6 utanf\u00f6r Emmaboda, f\u00f6r att f\u00f6rverkliga mina dr\u00f6mmar\u2026 Stora ord, men det \u00e4r s\u00e5 det k\u00e4nns. Tidigare i livet s\u00e5 har jag alltid varit p\u00e5 v\u00e4g, jag har bott tillf\u00e4lligt p\u00e5 platser. Men nu s\u00e5 k\u00e4nns det som att det \u00e4r h\u00e4r vi ska vara ett bra tag fram\u00f6ver. \u00c4ntligen har jag k\u00f6pt hus och nu i dagarna st\u00e5r jag beredd f\u00f6r att \u00e5terigen jobba i mitt f\u00f6retag. F\u00f6r trots n\u00e5gra v\u00e4ndor s\u00e5 har jag alltid beh\u00e5llit mitt f\u00f6retag. Jag \u00e4r stolt \u00f6ver namnet, Livsbalans, det st\u00e4mmer s\u00e5 v\u00e4l in p\u00e5 mig. Nu tar jag nya tag. Tack f\u00f6r att du l\u00e4st \u00e4nda hit. Jag tror p\u00e5 m\u00f6ten. Och att m\u00f6ten f\u00f6r en vidare\u2026<\/p>\n<p><a href=\"http:\/\/livsbalans.se\/wordpress\/wp-content\/uploads\/2014\/11\/hj\u00e4rtan.gif\"><img loading=\"lazy\" decoding=\"async\" class=\"alignnone size-full wp-image-36\" src=\"http:\/\/livsbalans.se\/wordpress\/wp-content\/uploads\/2014\/11\/hj\u00e4rtan.gif\" alt=\"hj\u00e4rtan\" width=\"32\" height=\"33\" \/><\/a>Med \u00f6ppet sinne f\u00f6r framtiden, Linda Ursj\u00f6 februari 2015.<\/p>\n<p>&nbsp;<\/p>\n ","protected":false},"excerpt":{"rendered":"<p>Lindas ber\u00e4ttelse Dagen f\u00f6re min 30-\u00e5rs dag lovade jag mig sj\u00e4lv att f\u00f6lja mitt hj\u00e4rta. Jag stod i en butik i G\u00e4vle, det var p\u00e5 den tiden jag studerade till Friskv\u00e5rdspedagog. Jag hade f\u00e5tt ett litet sten-hj\u00e4rta i min hand, det kostade 19:-. I den stunden lovade jag mig sj\u00e4lv \u2026 <a class=\"continue-reading-link\" href=\"http:\/\/livsbalans.se\/wordpress\/lindas-berattelse\/\">L\u00e4s mer <span class=\"meta-nav\">&rarr; <\/span><\/a><\/p>\n","protected":false},"author":1,"featured_media":56,"parent":0,"menu_order":0,"comment_status":"closed","ping_status":"closed","template":"","meta":{"jetpack_post_was_ever_published":false,"footnotes":""},"class_list":["post-79","page","type-page","status-publish","has-post-thumbnail","hentry"],"jetpack_sharing_enabled":true,"jetpack_shortlink":"https:\/\/wp.me\/P5jRyi-1h","_links":{"self":[{"href":"http:\/\/livsbalans.se\/wordpress\/wp-json\/wp\/v2\/pages\/79","targetHints":{"allow":["GET"]}}],"collection":[{"href":"http:\/\/livsbalans.se\/wordpress\/wp-json\/wp\/v2\/pages"}],"about":[{"href":"http:\/\/livsbalans.se\/wordpress\/wp-json\/wp\/v2\/types\/page"}],"author":[{"embeddable":true,"href":"http:\/\/livsbalans.se\/wordpress\/wp-json\/wp\/v2\/users\/1"}],"replies":[{"embeddable":true,"href":"http:\/\/livsbalans.se\/wordpress\/wp-json\/wp\/v2\/comments?post=79"}],"version-history":[{"count":7,"href":"http:\/\/livsbalans.se\/wordpress\/wp-json\/wp\/v2\/pages\/79\/revisions"}],"predecessor-version":[{"id":422,"href":"http:\/\/livsbalans.se\/wordpress\/wp-json\/wp\/v2\/pages\/79\/revisions\/422"}],"wp:featuredmedia":[{"embeddable":true,"href":"http:\/\/livsbalans.se\/wordpress\/wp-json\/wp\/v2\/media\/56"}],"wp:attachment":[{"href":"http:\/\/livsbalans.se\/wordpress\/wp-json\/wp\/v2\/media?parent=79"}],"curies":[{"name":"wp","href":"https:\/\/api.w.org\/{rel}","templated":true}]}}